{"id":167,"date":"2019-12-31T17:08:45","date_gmt":"2019-12-31T16:08:45","guid":{"rendered":"http:\/\/grisu\/wordpress_ffw\/?page_id=167"},"modified":"2020-03-19T20:22:55","modified_gmt":"2020-03-19T19:22:55","slug":"beschaffung","status":"publish","type":"page","link":"https:\/\/www.feuerwehr-rederzhausen.de\/index.php\/beschaffung\/","title":{"rendered":"Beschaffung"},"content":{"rendered":"\n<h2 class=\"wp-block-heading\">Beschaffung unseres Einsatzfahrzeuges<\/h2>\n\n\n\n<figure class=\"wp-block-image size-large\"><img loading=\"lazy\" decoding=\"async\" width=\"1024\" height=\"768\" src=\"http:\/\/grisu\/wordpress_ffw\/wp-content\/uploads\/Fahrzeugweihe_10-6\/Fahrzeugweihe_10-6_1280p_044-1024x768.jpg\" alt=\"\" class=\"wp-image-264\" srcset=\"https:\/\/www.feuerwehr-rederzhausen.de\/wp-content\/uploads\/Fahrzeugweihe_10-6\/Fahrzeugweihe_10-6_1280p_044-1024x768.jpg 1024w, https:\/\/www.feuerwehr-rederzhausen.de\/wp-content\/uploads\/Fahrzeugweihe_10-6\/Fahrzeugweihe_10-6_1280p_044-300x225.jpg 300w, https:\/\/www.feuerwehr-rederzhausen.de\/wp-content\/uploads\/Fahrzeugweihe_10-6\/Fahrzeugweihe_10-6_1280p_044-768x576.jpg 768w, https:\/\/www.feuerwehr-rederzhausen.de\/wp-content\/uploads\/Fahrzeugweihe_10-6\/Fahrzeugweihe_10-6_1280p_044.jpg 1280w\" sizes=\"auto, (max-width: 1024px) 100vw, 1024px\" \/><figcaption>Fahrzeugweihe 2009<\/figcaption><\/figure>\n\n\n\n<p>Seit Dezember 2008 verf\u00fcgt die Feuerwehr Rederzhausen\n\t\u00fcber ein brandneues L\u00f6schgruppenfahrzeug vom Typ\n\tLF&nbsp;10\/6. Hersteller ist die Firma Schlingmann aus Dissen\n\tbei Bielefeld.<\/p>\n\n\n\n<p>Im Jahr 2007 wurde vom Friedberger Stadtrat die Anschaffung\n\tvon je einem neuen Fahrzeug f\u00fcr die Feuerwehren\n\tWulfertshausen und Rederzhausen beschlossen.  In Absprache mit\n\tden \u00f6rtlichen Kommandanten und Vorst\u00e4nden sowie dem\n\tKommandanten der &#8222;St\u00fctzpunkt&#8220;-Feuerwehr Friedberg, Herrn\n\tAnton Zech, wurde schlie\u00dflich das Fahrzeug der Firma\n\tSchlingmann bestellt.<\/p>\n\n\n\n<p>Im Dezember 2008 nahm dann eine Delegation bestehend aus dem\n\tFriedberger Ger\u00e4tewart J\u00fcrgen Heigel und je drei\n\tMitglieder der Wehren Wulfertshausen und Rederzhausen die\n\tbeiden identischen Fahrzeuge in Empfang. Die Abordnung aus\n\tRederzhausen wurde dabei von dem Kommandanten Gerhard Walz,\n\tdem zweiten Kommandanten Johann Schwandtner und dem\n\tGer\u00e4tewart Johann Held gestellt.<\/p>\n\n\n\n<figure class=\"wp-block-gallery columns-3 is-cropped wp-block-gallery-1\"><ul class=\"blocks-gallery-grid\"><li class=\"blocks-gallery-item\"><figure><img loading=\"lazy\" decoding=\"async\" width=\"1024\" height=\"768\" src=\"https:\/\/www.feuerwehr-rederzhausen.de\/wp-content\/uploads\/Abholung_10-6\/Abholung_10-6_1280p_010-1024x768.jpg\" alt=\"\" data-id=\"186\" data-full-url=\"https:\/\/www.feuerwehr-rederzhausen.de\/wp-content\/uploads\/Abholung_10-6\/Abholung_10-6_1280p_010.jpg\" data-link=\"https:\/\/www.feuerwehr-rederzhausen.de\/abholung_10-6_1280p_010\/\" class=\"wp-image-186\" srcset=\"https:\/\/www.feuerwehr-rederzhausen.de\/wp-content\/uploads\/Abholung_10-6\/Abholung_10-6_1280p_010-1024x768.jpg 1024w, https:\/\/www.feuerwehr-rederzhausen.de\/wp-content\/uploads\/Abholung_10-6\/Abholung_10-6_1280p_010-300x225.jpg 300w, https:\/\/www.feuerwehr-rederzhausen.de\/wp-content\/uploads\/Abholung_10-6\/Abholung_10-6_1280p_010-768x576.jpg 768w, https:\/\/www.feuerwehr-rederzhausen.de\/wp-content\/uploads\/Abholung_10-6\/Abholung_10-6_1280p_010.jpg 1280w\" sizes=\"auto, (max-width: 1024px) 100vw, 1024px\" \/><\/figure><\/li><li class=\"blocks-gallery-item\"><figure><img loading=\"lazy\" decoding=\"async\" width=\"1024\" height=\"768\" src=\"https:\/\/www.feuerwehr-rederzhausen.de\/wp-content\/uploads\/Abholung_10-6\/Abholung_10-6_1280p_038-1024x768.jpg\" alt=\"\" data-id=\"214\" data-full-url=\"https:\/\/www.feuerwehr-rederzhausen.de\/wp-content\/uploads\/Abholung_10-6\/Abholung_10-6_1280p_038.jpg\" data-link=\"https:\/\/www.feuerwehr-rederzhausen.de\/abholung_10-6_1280p_038\/\" class=\"wp-image-214\" srcset=\"https:\/\/www.feuerwehr-rederzhausen.de\/wp-content\/uploads\/Abholung_10-6\/Abholung_10-6_1280p_038-1024x768.jpg 1024w, https:\/\/www.feuerwehr-rederzhausen.de\/wp-content\/uploads\/Abholung_10-6\/Abholung_10-6_1280p_038-300x225.jpg 300w, https:\/\/www.feuerwehr-rederzhausen.de\/wp-content\/uploads\/Abholung_10-6\/Abholung_10-6_1280p_038-768x576.jpg 768w, https:\/\/www.feuerwehr-rederzhausen.de\/wp-content\/uploads\/Abholung_10-6\/Abholung_10-6_1280p_038.jpg 1280w\" sizes=\"auto, (max-width: 1024px) 100vw, 1024px\" \/><\/figure><\/li><li class=\"blocks-gallery-item\"><figure><img loading=\"lazy\" decoding=\"async\" width=\"1024\" height=\"768\" src=\"https:\/\/www.feuerwehr-rederzhausen.de\/wp-content\/uploads\/Abholung_10-6\/Abholung_10-6_1280p_029-1024x768.jpg\" alt=\"\" data-id=\"205\" data-full-url=\"https:\/\/www.feuerwehr-rederzhausen.de\/wp-content\/uploads\/Abholung_10-6\/Abholung_10-6_1280p_029.jpg\" data-link=\"https:\/\/www.feuerwehr-rederzhausen.de\/abholung_10-6_1280p_029\/\" class=\"wp-image-205\" srcset=\"https:\/\/www.feuerwehr-rederzhausen.de\/wp-content\/uploads\/Abholung_10-6\/Abholung_10-6_1280p_029-1024x768.jpg 1024w, https:\/\/www.feuerwehr-rederzhausen.de\/wp-content\/uploads\/Abholung_10-6\/Abholung_10-6_1280p_029-300x225.jpg 300w, https:\/\/www.feuerwehr-rederzhausen.de\/wp-content\/uploads\/Abholung_10-6\/Abholung_10-6_1280p_029-768x576.jpg 768w, https:\/\/www.feuerwehr-rederzhausen.de\/wp-content\/uploads\/Abholung_10-6\/Abholung_10-6_1280p_029.jpg 1280w\" sizes=\"auto, (max-width: 1024px) 100vw, 1024px\" \/><\/figure><\/li><li class=\"blocks-gallery-item\"><figure><img loading=\"lazy\" decoding=\"async\" width=\"1024\" height=\"768\" src=\"https:\/\/www.feuerwehr-rederzhausen.de\/wp-content\/uploads\/Abholung_10-6\/Abholung_10-6_1280p_004-1024x768.jpg\" alt=\"\" data-id=\"180\" data-full-url=\"https:\/\/www.feuerwehr-rederzhausen.de\/wp-content\/uploads\/Abholung_10-6\/Abholung_10-6_1280p_004.jpg\" data-link=\"https:\/\/www.feuerwehr-rederzhausen.de\/abholung_10-6_1280p_004\/\" class=\"wp-image-180\" srcset=\"https:\/\/www.feuerwehr-rederzhausen.de\/wp-content\/uploads\/Abholung_10-6\/Abholung_10-6_1280p_004-1024x768.jpg 1024w, https:\/\/www.feuerwehr-rederzhausen.de\/wp-content\/uploads\/Abholung_10-6\/Abholung_10-6_1280p_004-300x225.jpg 300w, https:\/\/www.feuerwehr-rederzhausen.de\/wp-content\/uploads\/Abholung_10-6\/Abholung_10-6_1280p_004-768x576.jpg 768w, https:\/\/www.feuerwehr-rederzhausen.de\/wp-content\/uploads\/Abholung_10-6\/Abholung_10-6_1280p_004.jpg 1280w\" sizes=\"auto, (max-width: 1024px) 100vw, 1024px\" \/><\/figure><\/li><\/ul><figcaption class=\"blocks-gallery-caption is-layout-flex wp-block-gallery-is-layout-flex\">\u00dcbernahme der L\u00f6schfahrzeuge 2008 <\/figcaption><\/figure>\n\n\n\n<p><br><br>Die feierliche Einweihung fand am 11. Juli 2009 statt. Zu diesem Zeitpunkt hatte das Fahrzeug bereits mehrere Eins\u00e4tze geleistet.  Wie auf den Bildern erkennbar, wurden auch einige optische Ver\u00e4nderungen vorgenommen.<\/p>\n\n\n\n<p>An der Rederzhauser Kapelle bekam das neue Fahrzeug unter freiem Himmel von Pfarrer Brandmaier den kirchlichen Segen. Im Anschluss konnte bei einem Tag der offenen T\u00fcr u.a. das Ger\u00e4tehaus und das Fahrzeug besichtigt werden. Die Vorf\u00fchrung eines L\u00f6schaufbaus durch die Jugend geh\u00f6rte auch zum Programm.<br><br><\/p>\n\n\n\n<figure class=\"wp-block-gallery columns-3 is-cropped wp-block-gallery-2\"><ul class=\"blocks-gallery-grid\"><li class=\"blocks-gallery-item\"><figure><img loading=\"lazy\" decoding=\"async\" width=\"1024\" height=\"768\" src=\"https:\/\/www.feuerwehr-rederzhausen.de\/wp-content\/uploads\/Fahrzeugweihe_10-6\/Fahrzeugweihe_10-6_1280p_007-1024x768.jpg\" alt=\"\" data-id=\"227\" data-full-url=\"https:\/\/www.feuerwehr-rederzhausen.de\/wp-content\/uploads\/Fahrzeugweihe_10-6\/Fahrzeugweihe_10-6_1280p_007.jpg\" data-link=\"https:\/\/www.feuerwehr-rederzhausen.de\/fahrzeugweihe_10-6_1280p_007\/\" class=\"wp-image-227\" srcset=\"https:\/\/www.feuerwehr-rederzhausen.de\/wp-content\/uploads\/Fahrzeugweihe_10-6\/Fahrzeugweihe_10-6_1280p_007-1024x768.jpg 1024w, https:\/\/www.feuerwehr-rederzhausen.de\/wp-content\/uploads\/Fahrzeugweihe_10-6\/Fahrzeugweihe_10-6_1280p_007-300x225.jpg 300w, https:\/\/www.feuerwehr-rederzhausen.de\/wp-content\/uploads\/Fahrzeugweihe_10-6\/Fahrzeugweihe_10-6_1280p_007-768x576.jpg 768w, https:\/\/www.feuerwehr-rederzhausen.de\/wp-content\/uploads\/Fahrzeugweihe_10-6\/Fahrzeugweihe_10-6_1280p_007.jpg 1280w\" sizes=\"auto, (max-width: 1024px) 100vw, 1024px\" \/><\/figure><\/li><li class=\"blocks-gallery-item\"><figure><img loading=\"lazy\" decoding=\"async\" width=\"1024\" height=\"768\" src=\"https:\/\/www.feuerwehr-rederzhausen.de\/wp-content\/uploads\/Fahrzeugweihe_10-6\/Fahrzeugweihe_10-6_1280p_054-1024x768.jpg\" alt=\"\" data-id=\"274\" data-full-url=\"https:\/\/www.feuerwehr-rederzhausen.de\/wp-content\/uploads\/Fahrzeugweihe_10-6\/Fahrzeugweihe_10-6_1280p_054.jpg\" data-link=\"https:\/\/www.feuerwehr-rederzhausen.de\/fahrzeugweihe_10-6_1280p_054\/\" class=\"wp-image-274\" srcset=\"https:\/\/www.feuerwehr-rederzhausen.de\/wp-content\/uploads\/Fahrzeugweihe_10-6\/Fahrzeugweihe_10-6_1280p_054-1024x768.jpg 1024w, https:\/\/www.feuerwehr-rederzhausen.de\/wp-content\/uploads\/Fahrzeugweihe_10-6\/Fahrzeugweihe_10-6_1280p_054-300x225.jpg 300w, https:\/\/www.feuerwehr-rederzhausen.de\/wp-content\/uploads\/Fahrzeugweihe_10-6\/Fahrzeugweihe_10-6_1280p_054-768x576.jpg 768w, https:\/\/www.feuerwehr-rederzhausen.de\/wp-content\/uploads\/Fahrzeugweihe_10-6\/Fahrzeugweihe_10-6_1280p_054.jpg 1280w\" sizes=\"auto, (max-width: 1024px) 100vw, 1024px\" \/><\/figure><\/li><li class=\"blocks-gallery-item\"><figure><img loading=\"lazy\" decoding=\"async\" width=\"1024\" height=\"768\" src=\"https:\/\/www.feuerwehr-rederzhausen.de\/wp-content\/uploads\/Fahrzeugweihe_10-6\/Fahrzeugweihe_10-6_1280p_027-1024x768.jpg\" alt=\"\" data-id=\"247\" data-full-url=\"https:\/\/www.feuerwehr-rederzhausen.de\/wp-content\/uploads\/Fahrzeugweihe_10-6\/Fahrzeugweihe_10-6_1280p_027.jpg\" data-link=\"https:\/\/www.feuerwehr-rederzhausen.de\/fahrzeugweihe_10-6_1280p_027\/\" class=\"wp-image-247\" srcset=\"https:\/\/www.feuerwehr-rederzhausen.de\/wp-content\/uploads\/Fahrzeugweihe_10-6\/Fahrzeugweihe_10-6_1280p_027-1024x768.jpg 1024w, https:\/\/www.feuerwehr-rederzhausen.de\/wp-content\/uploads\/Fahrzeugweihe_10-6\/Fahrzeugweihe_10-6_1280p_027-300x225.jpg 300w, https:\/\/www.feuerwehr-rederzhausen.de\/wp-content\/uploads\/Fahrzeugweihe_10-6\/Fahrzeugweihe_10-6_1280p_027-768x576.jpg 768w, https:\/\/www.feuerwehr-rederzhausen.de\/wp-content\/uploads\/Fahrzeugweihe_10-6\/Fahrzeugweihe_10-6_1280p_027.jpg 1280w\" sizes=\"auto, (max-width: 1024px) 100vw, 1024px\" \/><\/figure><\/li><\/ul><figcaption class=\"blocks-gallery-caption is-layout-flex wp-block-gallery-is-layout-flex\">Fahrzeugweihe 2009<\/figcaption><\/figure>\n","protected":false},"excerpt":{"rendered":"<p>Beschaffung unseres Einsatzfahrzeuges Seit Dezember 2008 verf\u00fcgt die Feuerwehr Rederzhausen \u00fcber ein brandneues L\u00f6schgruppenfahrzeug vom Typ LF&nbsp;10\/6. Hersteller ist die Firma Schlingmann aus Dissen bei Bielefeld. Im Jahr 2007 wurde vom Friedberger Stadtrat die Anschaffung von je einem neuen Fahrzeug &hellip; <a href=\"https:\/\/www.feuerwehr-rederzhausen.de\/index.php\/beschaffung\/\">Weiter<\/a><\/p>\n","protected":false},"author":1,"featured_media":0,"parent":0,"menu_order":0,"comment_status":"closed","ping_status":"closed","template":"","meta":{"advgb_blocks_editor_width":"","advgb_blocks_columns_visual_guide":"","footnotes":""},"class_list":["post-167","page","type-page","status-publish","hentry"],"coauthors":[],"author_meta":{"author_link":"https:\/\/www.feuerwehr-rederzhausen.de\/index.php\/author\/ffw_admin\/","display_name":"ffw_admin"},"relative_dates":{"created":"Ver\u00f6ffentlicht 6\u00a0Jahren vor","modified":"Aktualisiert 6\u00a0Jahren vor"},"absolute_dates":{"created":"Ver\u00f6ffentlicht am 31. Dezember 2019","modified":"Aktualisiert am 19. M\u00e4rz 2020"},"absolute_dates_time":{"created":"Ver\u00f6ffentlicht am 31. Dezember 2019 17:08","modified":"Aktualisiert am 19. M\u00e4rz 2020 20:22"},"featured_img_caption":"","featured_img":false,"series_order":"","_links":{"self":[{"href":"https:\/\/www.feuerwehr-rederzhausen.de\/index.php\/wp-json\/wp\/v2\/pages\/167","targetHints":{"allow":["GET"]}}],"collection":[{"href":"https:\/\/www.feuerwehr-rederzhausen.de\/index.php\/wp-json\/wp\/v2\/pages"}],"about":[{"href":"https:\/\/www.feuerwehr-rederzhausen.de\/index.php\/wp-json\/wp\/v2\/types\/page"}],"author":[{"embeddable":true,"href":"https:\/\/www.feuerwehr-rederzhausen.de\/index.php\/wp-json\/wp\/v2\/users\/1"}],"replies":[{"embeddable":true,"href":"https:\/\/www.feuerwehr-rederzhausen.de\/index.php\/wp-json\/wp\/v2\/comments?post=167"}],"version-history":[{"count":9,"href":"https:\/\/www.feuerwehr-rederzhausen.de\/index.php\/wp-json\/wp\/v2\/pages\/167\/revisions"}],"predecessor-version":[{"id":1418,"href":"https:\/\/www.feuerwehr-rederzhausen.de\/index.php\/wp-json\/wp\/v2\/pages\/167\/revisions\/1418"}],"wp:attachment":[{"href":"https:\/\/www.feuerwehr-rederzhausen.de\/index.php\/wp-json\/wp\/v2\/media?parent=167"}],"curies":[{"name":"wp","href":"https:\/\/api.w.org\/{rel}","templated":true}]}}